{"id":28,"date":"2012-02-09T18:31:06","date_gmt":"2012-02-09T18:31:06","guid":{"rendered":"http:\/\/zsrodowo.pl\/?page_id=28"},"modified":"2026-02-16T09:19:22","modified_gmt":"2026-02-16T09:19:22","slug":"dokumenty","status":"publish","type":"page","link":"http:\/\/zsrodowo.pl\/?page_id=28","title":{"rendered":"Dokumenty szkolne"},"content":{"rendered":"<table style=\"width: 100%; height: 936px;\" border=\"0\">\n<tbody>\n<tr style=\"height: 48px;\">\n<td style=\"width: 90%; height: 48px;\">Wniosek rodzica\/opiekuna prawnego o przyj\u0119cie dziecka do oddzia\u0142u przedszkolnego<\/td>\n<td style=\"width: 10%; text-align: left; height: 48px;\" colspan=\"2\"><a href=\"http:\/\/zsrodowo.pl\/wp-content\/uploads\/2026\/02\/wniosek_op.doc\"><img loading=\"lazy\" decoding=\"async\" class=\"alignnone\" src=\"dokumenty\/grafika\/\/graf\/ikonka_doc.gif\" alt=\"\" width=\"16\" height=\"16\" \/><\/a><\/td>\n<\/tr>\n<tr style=\"height: 24px;\">\n<td style=\"width: 90%; height: 24px;\">Wniosek rodzica\/opiekuna prawnego o przyj\u0119cie dziecka do szko\u0142y podstawowej<\/td>\n<td style=\"text-align: left; height: 24px;\" colspan=\"2\"><a href=\"http:\/\/zsrodowo.pl\/wp-content\/uploads\/2026\/02\/wniosek_sp.docx\"><img loading=\"lazy\" decoding=\"async\" class=\"alignnone\" src=\"dokumenty\/grafika\/\/graf\/ikonka_doc.gif\" alt=\"\" width=\"16\" height=\"16\" \/><\/a><\/td>\n<\/tr>\n<tr style=\"background-color: #ffffff;\">\n<td style=\"width: 90%; height: 24px;\">Statut Szko\u0142y Podstawowej im. Kresowian w Rodowie<\/td>\n<td style=\"text-align: left; height: 24px;\" colspan=\"2\"><a href=\"http:\/\/zsrodowo.pl\/wp-content\/uploads\/2024\/01\/statut.pdf\"><img decoding=\"async\" class=\"alignnone\" src=\"dokumenty\/grafika\/\/graf\/ikonka_pdf.gif\" alt=\"\" \/><\/a><\/td>\n<\/tr>\n<tr style=\"background-color: #ffffff;\">\n<td style=\"width: 90%; height: 24px;\">Misja i wizja szko\u0142y<\/td>\n<td style=\"width: 10%; text-align: left; height: 24px;\" colspan=\"2\"><a href=\"http:\/\/zsrodowo.pl\/wp-content\/uploads\/2018\/09\/misja_wizja_szkoly.pdf\"><img decoding=\"async\" class=\"alignnone\" src=\"dokumenty\/grafika\/\/graf\/ikonka_pdf.gif\" \/><\/a><\/td>\n<\/tr>\n<tr style=\"background-color: #ffffff;\">\n<td style=\"width: 90%; height: 24px;\">Program wychowawczo- profilaktyczny<\/td>\n<td style=\"text-align: left; height: 24px;\" colspan=\"2\"><a href=\"http:\/\/zsrodowo.pl\/wp-content\/uploads\/2024\/09\/Program-wychowawczo-profilaktyczny-Rodowo-24.pdf&quot;\"><img decoding=\"async\" class=\"alignnone\" src=\"dokumenty\/grafika\/\/graf\/ikonka_pdf.gif\" alt=\"\" \/><\/a><\/td>\n<\/tr>\n<tr>\n<td style=\"width: 90%;\">Standardy ochrony ma\u0142oletnich<\/td>\n<td style=\"width: 10%; text-align: left;\" colspan=\"2\"><a href=\"http:\/\/zsrodowo.pl\/wp-content\/uploads\/2024\/03\/Standardy_ochrony_maloletnich.pdf\"><img decoding=\"async\" class=\"alignnone\" src=\"dokumenty\/grafika\/\/graf\/ikonka_pdf.gif\" \/><\/a><\/td>\n<\/tr>\n<tr style=\"background-color: #ffffff;\">\n<td style=\"width: 90%; height: 24px;\">Plan dzia\u0142a\u0144 wychowawczych i profilaktycznych<\/td>\n<td style=\"text-align: left; height: 24px;\" colspan=\"2\"><a href=\"http:\/\/zsrodowo.pl\/wp-content\/uploads\/2019\/10\/harmonogram_wych_prof.pdf\"><img decoding=\"async\" class=\"alignnone\" src=\"dokumenty\/grafika\/\/graf\/ikonka_pdf.gif\" alt=\"\" \/><\/a><\/td>\n<\/tr>\n<tr style=\"height: 24px;\">\n<td style=\"width: 90%; height: 24px;\">G\u0142\u00f3wne kierunki pracy szko\u0142y w latach 2022- 2026<\/td>\n<td style=\"width: 10%; text-align: left; height: 24px;\" colspan=\"2\"><a href=\"http:\/\/zsrodowo.pl\/wp-content\/uploads\/2022\/09\/kierunki_pracy_szkoly.pdf\"><img decoding=\"async\" class=\"alignnone\" src=\"dokumenty\/grafika\/\/graf\/ikonka_pdf.gif\" alt=\"\" \/><\/a><\/td>\n<\/tr>\n<tr style=\"background-color: #ffffff;\">\n<td style=\"width: 90%; height: 24px;\">Roczny plan pracy szko\u0142y 2018\/2019<\/td>\n<td style=\"width: 10%; text-align: left; height: 24px;\" colspan=\"2\"><a href=\"http:\/\/zsrodowo.pl\/wp-content\/uploads\/2018\/09\/plan_pracy_sp_2018_2019.pdf\"><img decoding=\"async\" class=\"alignnone\" src=\"dokumenty\/grafika\/\/graf\/ikonka_pdf.gif\" \/><\/a><\/td>\n<\/tr>\n<tr style=\"background-color: #ffffff;\">\n<td style=\"width: 90%; height: 48px;\">BEZPIECZNA SZKO\u0141A Procedury reagowania w przypadku wyst\u0105pienia wewn\u0119trznych i zewn\u0119trznych zagro\u017ce\u0144 fizycznych w szkole<\/td>\n<td style=\"width: 10%; text-align: left; height: 48px;\" colspan=\"2\"><a href=\"dokumenty\/szkola\/bezpieczna_szkola.pdf\"><img decoding=\"async\" class=\"alignnone\" src=\"dokumenty\/grafika\/\/graf\/ikonka_pdf.gif\" alt=\"\" \/><\/a><\/td>\n<\/tr>\n<tr style=\"background-color: #ffffff;\">\n<td style=\"width: 90%; height: 24px;\">Wsp\u00f3\u0142praca Zespo\u0142u Szk\u00f3\u0142 w Rodowie z Rodzicami<\/td>\n<td style=\"width: 10%; text-align: left; height: 24px;\" colspan=\"2\"><a href=\"dokumenty\/szkola\/wspolpraca_rodzice.doc\"><img decoding=\"async\" src=\"dokumenty\/grafika\/\/graf\/ikonka_doc.gif\" alt=\"\" \/><\/a><\/td>\n<\/tr>\n<tr style=\"background-color: #ffffff;\">\n<td style=\"width: 90%; height: 48px;\">Szkolny zestaw podr\u0119cznik\u00f3w obowi\u0105zuj\u0105cych w roku szkolnym 2020-2021<\/td>\n<td style=\"width: 10%; text-align: left; height: 48px;\" colspan=\"2\"><a href=\"http:\/\/zsrodowo.pl\/wp-content\/uploads\/2020\/08\/podreczniki_20_21.pdf\"><img decoding=\"async\" class=\"alignnone\" src=\"dokumenty\/grafika\/\/graf\/ikonka_pdf.gif\" \/><\/a><\/td>\n<\/tr>\n<tr style=\"background-color: #ffffff;\">\n<td style=\"width: 90%; height: 24px;\">Szkolny zestaw program\u00f3w nauczania na rok szkolny 2022\/2023<\/td>\n<td style=\"width: 10%; text-align: left; height: 24px;\" colspan=\"2\"><a href=\"http:\/\/zsrodowo.pl\/wp-content\/uploads\/2022\/09\/zestaw_progr_naucz_2022_23.pdf\"><img decoding=\"async\" class=\"alignnone\" src=\"dokumenty\/grafika\/\/graf\/ikonka_pdf.gif\" \/><\/a><\/td>\n<\/tr>\n<tr style=\"background-color: #ffffff;\">\n<td style=\"width: 90%; height: 24px;\">Plan lekcji w Szkole Podstawowej w Rodowie na rok szkolny 2021\/2022<\/td>\n<td style=\"text-align: left; height: 24px;\" colspan=\"2\"><a href=\"http:\/\/zsrodowo.pl\/wp-content\/uploads\/2019\/08\/plan_lekcji_2019_2020.xls\"><img decoding=\"async\" class=\"alignnone\" src=\"dokumenty\/grafika\/\/graf\/ikonka_xls.gif\" \/><\/a><\/td>\n<\/tr>\n<tr style=\"height: 24px;\">\n<td style=\"width: 90%; height: 24px;\">Plan pracy \u015bwietlicy szkolnej na rok szkolny 2021\/2022<\/td>\n<td style=\"text-align: left; height: 24px;\" colspan=\"2\"><a href=\"http:\/\/zsrodowo.pl\/wp-content\/uploads\/2021\/09\/swietlica_21_22.pdf\"><img decoding=\"async\" class=\"alignnone\" src=\"dokumenty\/grafika\/\/graf\/ikonka_pdf.gif\" alt=\"\" \/><\/a><\/td>\n<\/tr>\n<tr style=\"height: 48px;\">\n<td style=\"width: 90%; height: 48px;\">Plan zaj\u0119\u0107 wspomagaj\u0105cych realizowanych w terminie od 02.09 &#8211; 22.12. 2021 r.<\/td>\n<td style=\"width: 10%; text-align: left; height: 48px;\" colspan=\"2\"><a href=\"http:\/\/zsrodowo.pl\/wp-content\/uploads\/2021\/09\/zaj_wspom_21.pdf\"><img decoding=\"async\" class=\"alignnone\" src=\"dokumenty\/grafika\/\/graf\/ikonka_pdf.gif\" \/><\/a><\/td>\n<\/tr>\n<tr style=\"background-color: #ffffff;\">\n<td style=\"width: 90%; height: 48px;\">Zarz\u0105dzenie o dniach wolnych od zaj\u0119\u0107 dydaktyczno- wychowawczych 2019\/20<\/td>\n<td style=\"width: 10%; text-align: left; height: 48px;\" colspan=\"2\"><a href=\"http:\/\/zsrodowo.pl\/wp-content\/uploads\/2019\/10\/zarzadzenie_dni_wolne_2019_2020.pdf\"><img decoding=\"async\" class=\"alignnone\" src=\"dokumenty\/grafika\/\/graf\/ikonka_pdf.gif\" \/><\/a><\/td>\n<\/tr>\n<tr style=\"background-color: #ffffff;\">\n<td style=\"width: 90%; height: 24px;\">Oferta zaj\u0119\u0107 dodatkowych na rok szkolny 2018\/2019<\/td>\n<td style=\"width: 10%; text-align: left; height: 24px;\" colspan=\"2\"><a href=\"http:\/\/zsrodowo.pl\/wp-content\/uploads\/2018\/10\/zajecia_dodatkowe_2018_2019.pdf\"><img decoding=\"async\" class=\"alignnone\" src=\"dokumenty\/grafika\/\/graf\/ikonka_pdf.gif\" \/><\/a><\/td>\n<\/tr>\n<tr style=\"background-color: #ffffff;\">\n<td style=\"width: 90%; height: 48px;\">Podstawa programowa WD\u017b w klasach IV-VIII SP w roku szkolnym 2017\/2018<\/td>\n<td style=\"width: 10%; text-align: left; height: 48px;\" colspan=\"2\"><a href=\"dokumenty\/szkola\/wdz_2017_2018.pdf\"><img decoding=\"async\" class=\"alignnone\" src=\"dokumenty\/grafika\/\/graf\/ikonka_pdf.gif\" \/><\/a><\/td>\n<\/tr>\n<tr style=\"background-color: #ffffff;\">\n<td style=\"width: 90%; height: 24px;\">O\u015bwiadczenie ucz\u0119szczania na WD\u017b w roku szkolnym 2017\/2018<\/td>\n<td style=\"width: 10%; text-align: left; height: 24px;\" colspan=\"2\"><a href=\"dokumenty\/szkola\/wdz_oswiadczenie.pdf\"><img decoding=\"async\" class=\"alignnone\" src=\"dokumenty\/grafika\/\/graf\/ikonka_pdf.gif\" \/><\/a><\/td>\n<\/tr>\n<tr style=\"background-color: #ffffff;\">\n<td style=\"width: 90%; height: 24px;\">O\u015bwiadczenie o rezygnacji ucznia z lekcji religii\/etyki<\/td>\n<td style=\"width: 10%; text-align: left; height: 24px;\" colspan=\"2\"><a href=\"dokumenty\/szkola\/oswiadczenie_religia.pdf\"><img decoding=\"async\" class=\"alignnone\" src=\"dokumenty\/grafika\/\/graf\/ikonka_pdf.gif\" \/><\/a><\/td>\n<\/tr>\n<tr style=\"background-color: #ffffff;\">\n<td style=\"width: 90%; height: 24px;\">Pro\u015bba o zwolnienie ucznia z zaj\u0119\u0107 wychowania fizycznego<\/td>\n<td style=\"width: 10%; text-align: left; height: 24px;\" colspan=\"2\"><a href=\"dokumenty\/szkola\/zwolnienie_wf.pdf\"><img decoding=\"async\" class=\"alignnone\" src=\"dokumenty\/grafika\/\/graf\/ikonka_pdf.gif\" \/><\/a><\/td>\n<\/tr>\n<tr style=\"background-color: #ffffff;\">\n<td style=\"width: 90%; height: 24px;\">Pro\u015bba o wydanie duplikatu legitymacji\/\u015bwiadectwa<\/td>\n<td style=\"width: 10%; text-align: left; height: 24px;\" colspan=\"2\"><a href=\"dokumenty\/szkola\/duplikat_legitymacja.pdf\"><img decoding=\"async\" class=\"alignnone\" src=\"dokumenty\/grafika\/\/graf\/ikonka_pdf.gif\" \/><\/a><\/td>\n<\/tr>\n<tr style=\"background-color: #ffffff;\">\n<td style=\"width: 90%; height: 24px;\">Niezb\u0119dnik dla ucznia, rodzica i nauczyciela<\/td>\n<td style=\"width: 10%; text-align: left; height: 24px;\" colspan=\"2\"><a href=\"dokumenty\/szkola\/niezbednik.docx\"><img decoding=\"async\" src=\"dokumenty\/grafika\/\/graf\/ikonka_doc.gif\" alt=\"\" \/><\/a><\/td>\n<\/tr>\n<tr style=\"background-color: #ffffff;\">\n<td style=\"width: 90%; height: 96px;\">ROZPORZ\u0104DZENIE MINISTRA EDUKACJI NARODOWEJ<br \/>\nzmieniaj\u0105ce rozporz\u0105dzenie w sprawie podstawy programowej wychowania przedszkolnego oraz kszta\u0142cenia og\u00f3lnego w poszczeg\u00f3lnych typach szk\u00f3\u0142<\/td>\n<td style=\"width: 10%; text-align: left; height: 96px;\" colspan=\"2\"><a href=\"dokumenty\/szkola\/podst_prog_2016.pdf\"><img decoding=\"async\" class=\"alignnone\" src=\"dokumenty\/grafika\/\/graf\/ikonka_pdf.gif\" \/><\/a><\/td>\n<\/tr>\n<tr style=\"background-color: #ffffff;\">\n<td style=\"width: 90%; height: 48px;\">Regulamin Rady Pedagogicznej Szko\u0142y Podstawowej im. Kresowian w Rodowie<\/td>\n<td style=\"text-align: left; height: 48px;\" colspan=\"2\"><a href=\"dokumenty\/szkola\/regulamin_RP.pdf\"><img decoding=\"async\" class=\"alignnone\" src=\"dokumenty\/grafika\/\/graf\/ikonka_pdf.gif\" \/><\/a><\/td>\n<\/tr>\n<tr style=\"height: 24px;\">\n<td style=\"width: 90%; height: 24px;\">Deklaracja dost\u0119pno\u015bci strony internetowej<\/td>\n<td style=\"text-align: left; height: 24px;\" colspan=\"2\"><a href=\"http:\/\/zsrodowo.pl\/wp-content\/uploads\/2021\/01\/deklaracja_dostepnosc_www_sprodowo-1.pdf\"><img decoding=\"async\" class=\"alignnone\" src=\"dokumenty\/grafika\/\/graf\/ikonka_pdf.gif\" \/><\/a><\/td>\n<\/tr>\n<tr style=\"height: 72px;\">\n<td style=\"width: 90%; height: 72px;\">O\u015bwiadczenie dla rodzica\/opiekuna, kt\u00f3re b\u0119dzie podstaw\u0105 z\u0142o\u017cenia wniosku w ramach programu \u201eGranty PPGR \u2013 Wsparcie dzieci z rodzin popegeerowskich w rozwoju cyfrowym\u201d<\/td>\n<td style=\"width: 10%; text-align: left; height: 72px;\" colspan=\"2\"><a href=\"http:\/\/zsrodowo.pl\/wp-content\/uploads\/2021\/10\/wniosek_polska_cyfrowa_21.doc\"><img decoding=\"async\" src=\"dokumenty\/grafika\/\/graf\/ikonka_doc.gif\" alt=\"\" \/><\/a><\/td>\n<\/tr>\n<\/tbody>\n<\/table>\n","protected":false},"excerpt":{"rendered":"<p>Wniosek rodzica\/opiekuna prawnego o przyj\u0119cie dziecka do oddzia\u0142u przedszkolnego Wniosek rodzica\/opiekuna prawnego o przyj\u0119cie dziecka do szko\u0142y podstawowej Statut Szko\u0142y Podstawowej im. Kresowian w Rodowie Misja i wizja szko\u0142y Program wychowawczo- profilaktyczny Standardy ochrony ma\u0142oletnich Plan dzia\u0142a\u0144 wychowawczych i profilaktycznych &hellip; <a href=\"http:\/\/zsrodowo.pl\/?page_id=28\">Czytaj dalej <span class=\"meta-nav\">&rarr;<\/span><\/a><\/p>\n","protected":false},"author":2,"featured_media":0,"parent":0,"menu_order":1,"comment_status":"closed","ping_status":"closed","template":"","meta":{"footnotes":""},"class_list":["post-28","page","type-page","status-publish","hentry"],"_links":{"self":[{"href":"http:\/\/zsrodowo.pl\/index.php?rest_route=\/wp\/v2\/pages\/28","targetHints":{"allow":["GET"]}}],"collection":[{"href":"http:\/\/zsrodowo.pl\/index.php?rest_route=\/wp\/v2\/pages"}],"about":[{"href":"http:\/\/zsrodowo.pl\/index.php?rest_route=\/wp\/v2\/types\/page"}],"author":[{"embeddable":true,"href":"http:\/\/zsrodowo.pl\/index.php?rest_route=\/wp\/v2\/users\/2"}],"replies":[{"embeddable":true,"href":"http:\/\/zsrodowo.pl\/index.php?rest_route=%2Fwp%2Fv2%2Fcomments&post=28"}],"version-history":[{"count":74,"href":"http:\/\/zsrodowo.pl\/index.php?rest_route=\/wp\/v2\/pages\/28\/revisions"}],"predecessor-version":[{"id":4116,"href":"http:\/\/zsrodowo.pl\/index.php?rest_route=\/wp\/v2\/pages\/28\/revisions\/4116"}],"wp:attachment":[{"href":"http:\/\/zsrodowo.pl\/index.php?rest_route=%2Fwp%2Fv2%2Fmedia&parent=28"}],"curies":[{"name":"wp","href":"https:\/\/api.w.org\/{rel}","templated":true}]}}